{"id":187,"date":"2020-03-04T11:16:29","date_gmt":"2020-03-04T11:16:29","guid":{"rendered":"https:\/\/demo.casethemes.net\/alico\/?page_id=187"},"modified":"2020-03-04T11:16:29","modified_gmt":"2020-03-04T11:16:29","slug":"blog-grid-2-columns-sidebar-right","status":"publish","type":"page","link":"https:\/\/edis-afrique.org\/index.php\/blog-grid-2-columns-sidebar-right\/","title":{"rendered":"Blog Grid 2 Columns + Sidebar Right"},"content":{"rendered":"\t\t<div data-elementor-type=\"wp-page\" data-elementor-id=\"187\" class=\"elementor elementor-187\">\n\t\t\t\t        <section class=\"elementor-section elementor-top-section elementor-element elementor-element-58f07d0 elementor-section-boxed elementor-section-height-default elementor-section-height-default\" data-id=\"58f07d0\" data-element_type=\"section\" data-e-type=\"section\">\n            \n                        <div class=\"elementor-container elementor-column-gap-extended \">\n                    <div class=\"elementor-column elementor-col-100 elementor-top-column elementor-element elementor-element-3763432\" data-id=\"3763432\" data-element_type=\"column\" data-e-type=\"column\">\n        <div class=\"elementor-widget-wrap elementor-element-populated\">\n                    \n        \t\t<div class=\"elementor-element elementor-element-5e7d845 elementor-widget elementor-widget-ct_blog_grid\" data-id=\"5e7d845\" data-element_type=\"widget\" data-e-type=\"widget\" data-widget_type=\"ct_blog_grid.default\">\n\t\t\t\t<div class=\"elementor-widget-container\">\n\t\t\t\t\t\r\n<div id=\"ct_blog_grid-5e7d845\" class=\"ct-grid ct-blog-grid ct-blog-grid-layout2\" data-layout=\"masonry\" data-start-page=\"1\" data-max-pages=\"1\" data-total=\"6\" data-perpage=\"6\" data-next-link=\"\">\r\n    <div class=\"ct-grid-overlay\"><\/div>\r\n    \r\n    <div class=\"ct-grid-inner ct-grid-masonry row animate-time\" data-gutter=\"15\">\r\n                    <div class=\"grid-sizer col-xl-6 col-lg-6 col-md-6 col-sm-6 col-12\"><\/div>\r\n                                <div class=\"grid-item col-xl-6 col-lg-6 col-md-6 col-sm-6 col-12 importation\">\r\n                    <div class=\"grid-item-inner \" data-wow-duration=\"1.2s\">\r\n                                                    <div class=\"entry-featured\">\r\n                                                                    <div class=\"item-date\">\r\n                                        <span>01<\/span>\r\n                                        <span>Aug<\/span>\r\n                                    <\/div>\r\n                                                                <a href=\"https:\/\/edis-afrique.org\/index.php\/2026\/08\/01\/calcior-vs-incineration-vs-enfouissement-comparatif\/\"><img fetchpriority=\"high\" class=\"\"  width=\"600\" height=\"600\" alt=\"Cal_inci_enfoui_avant_plan_compress\" title=\"Cal_inci_enfoui_avant_plan_compress\" \/ loading=\"eager\" fetchpriority=\"high\" decoding=\"async\" src=\"https:\/\/edis-afrique.org\/wp-content\/uploads\/2020\/03\/Cal_inci_enfoui_avant_plan_compress-600x600.png\"><\/a>\r\n                            <\/div>\r\n                                                <div class=\"entry-body\">\r\n                            <div class=\"entry-holder\">\r\n                                <h3 class=\"entry-title\"><a href=\"https:\/\/edis-afrique.org\/index.php\/2026\/08\/01\/calcior-vs-incineration-vs-enfouissement-comparatif\/\">CALCIOR vs incin\u00e9ration vs enfouissement : comparatif.<\/a><\/h3>\r\n                                                                    <ul class=\"entry-meta\">\r\n                                                                                    <li class=\"item-author\">\r\n                                                <a href=\"https:\/\/edis-afrique.org\/index.php\/author\/redaction\/\"><i class=\"fac fac-user\"><\/i>R\u00e9daction<\/a><\/li>\r\n                                                                                                                            <li class=\"item-comment\"><i class=\"fac fac-comments\"><\/i>2 Comments<\/li>\r\n                                                                            <\/ul>\r\n                                                                                                    <div class=\"item--content\">\r\n                                        Trois approches, trois logiques diff\u00e9rentes pour traiter les d\u00e9chets. Voici un comparatif objectif pour comprendre leurs forces et leurs limites respectives.                                    <\/div>\r\n                                                                                                    <div class=\"entry-readmore\">\r\n                                        <a class=\"btn-text\" href=\"https:\/\/edis-afrique.org\/index.php\/2026\/08\/01\/calcior-vs-incineration-vs-enfouissement-comparatif\/\">\r\n                                            Read more                                            <i class=\"fac fac-angle-double-right space-left\"><\/i>\r\n                                        <\/a>\r\n                                    <\/div>\r\n                                                            <\/div>\r\n                        <\/div>\r\n                    <\/div>\r\n                <\/div>\r\n                            <div class=\"grid-item col-xl-6 col-lg-6 col-md-6 col-sm-6 col-12 traitement-des-dechets\">\r\n                    <div class=\"grid-item-inner \" data-wow-duration=\"1.2s\">\r\n                                                    <div class=\"entry-featured\">\r\n                                                                    <div class=\"item-date\">\r\n                                        <span>27<\/span>\r\n                                        <span>Jan<\/span>\r\n                                    <\/div>\r\n                                                                <a href=\"https:\/\/edis-afrique.org\/index.php\/2024\/01\/27\/une-rencontre-strategique-au-service-de-lindustrialisation-durable-de-la-republique-democratique-du-congo\/\"><img loading=\"lazy\" class=\"\"  width=\"600\" height=\"600\" alt=\"SEM Mr. Julien Paluku\" title=\"SEM Mr. Julien Paluku\" \/ loading=\"lazy\" decoding=\"async\" src=\"https:\/\/edis-afrique.org\/wp-content\/uploads\/2026\/08\/SEM-Mr.-Julien-Paluku-600x600.png\"><\/a>\r\n                            <\/div>\r\n                                                <div class=\"entry-body\">\r\n                            <div class=\"entry-holder\">\r\n                                <h3 class=\"entry-title\"><a href=\"https:\/\/edis-afrique.org\/index.php\/2024\/01\/27\/une-rencontre-strategique-au-service-de-lindustrialisation-durable-de-la-republique-democratique-du-congo\/\">Une rencontre strat\u00e9gique au service de l&#8217;industrialisation durable de la R\u00e9publique D\u00e9mocratique du Congo<\/a><\/h3>\r\n                                                                    <ul class=\"entry-meta\">\r\n                                                                                    <li class=\"item-author\">\r\n                                                <a href=\"https:\/\/edis-afrique.org\/index.php\/author\/redaction\/\"><i class=\"fac fac-user\"><\/i>R\u00e9daction<\/a><\/li>\r\n                                                                                                                            <li class=\"item-comment\"><i class=\"fac fac-comments\"><\/i>3 Comments<\/li>\r\n                                                                            <\/ul>\r\n                                                                                                    <div class=\"item--content\">\r\n                                        Dans le cadre du d\u00e9veloppement de solutions innovantes de gestion et de valorisation des d\u00e9chets en R\u00e9publique D\u00e9mocratique du Congo, une s\u00e9ance de travail de&hellip;                                    <\/div>\r\n                                                                                                    <div class=\"entry-readmore\">\r\n                                        <a class=\"btn-text\" href=\"https:\/\/edis-afrique.org\/index.php\/2024\/01\/27\/une-rencontre-strategique-au-service-de-lindustrialisation-durable-de-la-republique-democratique-du-congo\/\">\r\n                                            Read more                                            <i class=\"fac fac-angle-double-right space-left\"><\/i>\r\n                                        <\/a>\r\n                                    <\/div>\r\n                                                            <\/div>\r\n                        <\/div>\r\n                    <\/div>\r\n                <\/div>\r\n                            <div class=\"grid-item col-xl-6 col-lg-6 col-md-6 col-sm-6 col-12 traitement-des-dechets\">\r\n                    <div class=\"grid-item-inner \" data-wow-duration=\"1.2s\">\r\n                                                    <div class=\"entry-featured\">\r\n                                                                    <div class=\"item-date\">\r\n                                        <span>04<\/span>\r\n                                        <span>Jan<\/span>\r\n                                    <\/div>\r\n                                                                <a href=\"https:\/\/edis-afrique.org\/index.php\/2023\/01\/04\/villes-africaines-les-defis-de-la-gestion-des-dechets-urbains\/\"><img loading=\"lazy\" class=\"\"  width=\"600\" height=\"600\" alt=\"ville_afrique_compress\" title=\"ville_afrique_compress\" \/ loading=\"lazy\" decoding=\"async\" src=\"https:\/\/edis-afrique.org\/wp-content\/uploads\/2020\/01\/ville_afrique_compress-600x600.png\"><\/a>\r\n                            <\/div>\r\n                                                <div class=\"entry-body\">\r\n                            <div class=\"entry-holder\">\r\n                                <h3 class=\"entry-title\"><a href=\"https:\/\/edis-afrique.org\/index.php\/2023\/01\/04\/villes-africaines-les-defis-de-la-gestion-des-dechets-urbains\/\">Villes africaines : les d\u00e9fis de la gestion des d\u00e9chets urbains<\/a><\/h3>\r\n                                                                    <ul class=\"entry-meta\">\r\n                                                                                    <li class=\"item-author\">\r\n                                                <a href=\"https:\/\/edis-afrique.org\/index.php\/author\/redaction\/\"><i class=\"fac fac-user\"><\/i>R\u00e9daction<\/a><\/li>\r\n                                                                                                                            <li class=\"item-comment\"><i class=\"fac fac-comments\"><\/i>2 Comments<\/li>\r\n                                                                            <\/ul>\r\n                                                                                                    <div class=\"item--content\">\r\n                                        Collecte irr\u00e9guli\u00e8re, d\u00e9charges satur\u00e9es, moyens financiers limit\u00e9s : les municipalit\u00e9s africaines font face \u00e0 des d\u00e9fis complexes. Tour d'horizon des obstacles et des pistes concr\u00e8tes&hellip;                                    <\/div>\r\n                                                                                                    <div class=\"entry-readmore\">\r\n                                        <a class=\"btn-text\" href=\"https:\/\/edis-afrique.org\/index.php\/2023\/01\/04\/villes-africaines-les-defis-de-la-gestion-des-dechets-urbains\/\">\r\n                                            Read more                                            <i class=\"fac fac-angle-double-right space-left\"><\/i>\r\n                                        <\/a>\r\n                                    <\/div>\r\n                                                            <\/div>\r\n                        <\/div>\r\n                    <\/div>\r\n                <\/div>\r\n                            <div class=\"grid-item col-xl-6 col-lg-6 col-md-6 col-sm-6 col-12 infrastructures\">\r\n                    <div class=\"grid-item-inner \" data-wow-duration=\"1.2s\">\r\n                                                    <div class=\"entry-featured\">\r\n                                                                    <div class=\"item-date\">\r\n                                        <span>25<\/span>\r\n                                        <span>Feb<\/span>\r\n                                    <\/div>\r\n                                                                <a href=\"https:\/\/edis-afrique.org\/index.php\/2020\/02\/25\/le-procede-calcior-explique-comment-ca-marche\/\"><img loading=\"lazy\" class=\"\"  width=\"600\" height=\"600\" alt=\"Pourquoi_Cal_Compress\" title=\"Pourquoi_Cal_Compress\" \/ loading=\"lazy\" decoding=\"async\" src=\"https:\/\/edis-afrique.org\/wp-content\/uploads\/2020\/02\/Pourquoi_Cal_Compress-600x600.png\"><\/a>\r\n                            <\/div>\r\n                                                <div class=\"entry-body\">\r\n                            <div class=\"entry-holder\">\r\n                                <h3 class=\"entry-title\"><a href=\"https:\/\/edis-afrique.org\/index.php\/2020\/02\/25\/le-procede-calcior-explique-comment-ca-marche\/\">Le proc\u00e9d\u00e9 CALCIOR expliqu\u00e9 : comment \u00e7a marche ?<\/a><\/h3>\r\n                                                                    <ul class=\"entry-meta\">\r\n                                                                                    <li class=\"item-author\">\r\n                                                <a href=\"https:\/\/edis-afrique.org\/index.php\/author\/redaction\/\"><i class=\"fac fac-user\"><\/i>R\u00e9daction<\/a><\/li>\r\n                                                                                                                            <li class=\"item-comment\"><i class=\"fac fac-comments\"><\/i>2 Comments<\/li>\r\n                                                                            <\/ul>\r\n                                                                                                    <div class=\"item--content\">\r\n                                        Derri\u00e8re son nom technique se cache une solution simple : transformer des d\u00e9chets bruts en mati\u00e8re valorisable, sans tri pr\u00e9alable ni combustion. Voici comment fonctionne&hellip;                                    <\/div>\r\n                                                                                                    <div class=\"entry-readmore\">\r\n                                        <a class=\"btn-text\" href=\"https:\/\/edis-afrique.org\/index.php\/2020\/02\/25\/le-procede-calcior-explique-comment-ca-marche\/\">\r\n                                            Read more                                            <i class=\"fac fac-angle-double-right space-left\"><\/i>\r\n                                        <\/a>\r\n                                    <\/div>\r\n                                                            <\/div>\r\n                        <\/div>\r\n                    <\/div>\r\n                <\/div>\r\n                            <div class=\"grid-item col-xl-6 col-lg-6 col-md-6 col-sm-6 col-12 traitement-des-dechets\">\r\n                    <div class=\"grid-item-inner \" data-wow-duration=\"1.2s\">\r\n                                                    <div class=\"entry-featured\">\r\n                                                                    <div class=\"item-date\">\r\n                                        <span>15<\/span>\r\n                                        <span>Jan<\/span>\r\n                                    <\/div>\r\n                                                                <a href=\"https:\/\/edis-afrique.org\/index.php\/2020\/01\/15\/de-la-poubelle-au-champ-la-seconde-vie-des-dechets-menagers\/\"><img loading=\"lazy\" class=\"\"  width=\"600\" height=\"600\" alt=\"de_la_poubelle_compress\" title=\"de_la_poubelle_compress\" \/ loading=\"lazy\" decoding=\"async\" src=\"https:\/\/edis-afrique.org\/wp-content\/uploads\/2020\/01\/de_la_poubelle_compress-600x600.png\"><\/a>\r\n                            <\/div>\r\n                                                <div class=\"entry-body\">\r\n                            <div class=\"entry-holder\">\r\n                                <h3 class=\"entry-title\"><a href=\"https:\/\/edis-afrique.org\/index.php\/2020\/01\/15\/de-la-poubelle-au-champ-la-seconde-vie-des-dechets-menagers\/\">De la poubelle au champ : la seconde vie des d\u00e9chets m\u00e9nagers<\/a><\/h3>\r\n                                                                    <ul class=\"entry-meta\">\r\n                                                                                    <li class=\"item-author\">\r\n                                                <a href=\"https:\/\/edis-afrique.org\/index.php\/author\/redaction\/\"><i class=\"fac fac-user\"><\/i>R\u00e9daction<\/a><\/li>\r\n                                                                                                                            <li class=\"item-comment\"><i class=\"fac fac-comments\"><\/i>2 Comments<\/li>\r\n                                                                            <\/ul>\r\n                                                                                                    <div class=\"item--content\">\r\n                                        Et si les \u00e9pluchures, emballages et restes de repas d'aujourd'hui devenaient l'engrais qui nourrit les cultures de demain ? Voici comment un d\u00e9chet devient une&hellip;                                    <\/div>\r\n                                                                                                    <div class=\"entry-readmore\">\r\n                                        <a class=\"btn-text\" href=\"https:\/\/edis-afrique.org\/index.php\/2020\/01\/15\/de-la-poubelle-au-champ-la-seconde-vie-des-dechets-menagers\/\">\r\n                                            Read more                                            <i class=\"fac fac-angle-double-right space-left\"><\/i>\r\n                                        <\/a>\r\n                                    <\/div>\r\n                                                            <\/div>\r\n                        <\/div>\r\n                    <\/div>\r\n                <\/div>\r\n                            <div class=\"grid-item col-xl-6 col-lg-6 col-md-6 col-sm-6 col-12 infrastructures\">\r\n                    <div class=\"grid-item-inner \" data-wow-duration=\"1.2s\">\r\n                                                    <div class=\"entry-featured\">\r\n                                                                    <div class=\"item-date\">\r\n                                        <span>05<\/span>\r\n                                        <span>Jan<\/span>\r\n                                    <\/div>\r\n                                                                <a href=\"https:\/\/edis-afrique.org\/index.php\/2020\/01\/05\/pourquoi-lafrique-a-besoin-de-nouvelles-solutions-de-traitement-des-dechets\/\"><img loading=\"lazy\" class=\"\"  width=\"600\" height=\"600\" alt=\"pourquoi_afrique_compress\" title=\"pourquoi_afrique_compress\" \/ loading=\"lazy\" decoding=\"async\" src=\"https:\/\/edis-afrique.org\/wp-content\/uploads\/2020\/01\/pourquoi_afrique_compress-600x600.png\"><\/a>\r\n                            <\/div>\r\n                                                <div class=\"entry-body\">\r\n                            <div class=\"entry-holder\">\r\n                                <h3 class=\"entry-title\"><a href=\"https:\/\/edis-afrique.org\/index.php\/2020\/01\/05\/pourquoi-lafrique-a-besoin-de-nouvelles-solutions-de-traitement-des-dechets\/\">Pourquoi l&#8217;Afrique a besoin de nouvelles solutions de traitement des d\u00e9chets<\/a><\/h3>\r\n                                                                    <ul class=\"entry-meta\">\r\n                                                                                    <li class=\"item-author\">\r\n                                                <a href=\"https:\/\/edis-afrique.org\/index.php\/author\/redaction\/\"><i class=\"fac fac-user\"><\/i>R\u00e9daction<\/a><\/li>\r\n                                                                                                                            <li class=\"item-comment\"><i class=\"fac fac-comments\"><\/i>2 Comments<\/li>\r\n                                                                            <\/ul>\r\n                                                                                                    <div class=\"item--content\">\r\n                                        Croissance urbaine, d\u00e9charges satur\u00e9es, absence d'infrastructures adapt\u00e9es : la gestion des d\u00e9chets est devenue un enjeu de sant\u00e9 publique et d'environnement majeur pour le continent.&hellip;                                    <\/div>\r\n                                                                                                    <div class=\"entry-readmore\">\r\n                                        <a class=\"btn-text\" href=\"https:\/\/edis-afrique.org\/index.php\/2020\/01\/05\/pourquoi-lafrique-a-besoin-de-nouvelles-solutions-de-traitement-des-dechets\/\">\r\n                                            Read more                                            <i class=\"fac fac-angle-double-right space-left\"><\/i>\r\n                                        <\/a>\r\n                                    <\/div>\r\n                                                            <\/div>\r\n                        <\/div>\r\n                    <\/div>\r\n                <\/div>\r\n                <\/div>\r\n            <div class=\"ct-grid-pagination\" data-loadmore=\"{&quot;startPage&quot;:1,&quot;maxPages&quot;:1,&quot;total&quot;:6,&quot;perpage&quot;:&quot;6&quot;,&quot;nextLink&quot;:&quot;&quot;,&quot;source&quot;:&quot;&quot;,&quot;orderby&quot;:&quot;date&quot;,&quot;order&quot;:&quot;desc&quot;,&quot;limit&quot;:&quot;6&quot;,&quot;post_ids&quot;:&quot;&quot;,&quot;col_xl&quot;:6,&quot;col_lg&quot;:6,&quot;col_md&quot;:6,&quot;col_sm&quot;:6,&quot;col_xs&quot;:12,&quot;thumbnail_size&quot;:&quot;custom&quot;,&quot;thumbnail_custom_dimension&quot;:{&quot;width&quot;:&quot;600&quot;,&quot;height&quot;:&quot;600&quot;},&quot;pagination_type&quot;:&quot;pagination&quot;,&quot;show_author&quot;:&quot;true&quot;,&quot;show_date&quot;:&quot;true&quot;,&quot;show_comment&quot;:&quot;true&quot;,&quot;show_excerpt&quot;:&quot;true&quot;,&quot;num_words&quot;:25,&quot;show_button&quot;:&quot;true&quot;,&quot;button_text&quot;:&quot;&quot;,&quot;ct_animate&quot;:&quot;&quot;,&quot;template_type&quot;:&quot;post_grid_layout2&quot;,&quot;tax&quot;:[&quot;category&quot;]}\" data-query=\"{&quot;post_type&quot;:&quot;post&quot;,&quot;post_status&quot;:&quot;publish&quot;,&quot;posts_per_page&quot;:6,&quot;order&quot;:&quot;desc&quot;,&quot;orderby&quot;:&quot;date&quot;,&quot;tax_query&quot;:{&quot;relation&quot;:&quot;OR&quot;},&quot;post__not_in&quot;:[187]}\">\r\n                    <\/div>\r\n        <\/div>\t\t\t\t<\/div>\n\t\t\t\t<\/div>\n\t\t            <\/div>\n        <\/div>\n                    <\/div>\n        <\/section>\n        \t\t<\/div>\n\t\t","protected":false},"excerpt":{"rendered":"<p>15 Mar Strategy for Norway&#8217;s Peion to Fund Global. admin 2 Comments At vero eos et accusamus et iustoodio digni goikussimos ducimus qui blanp ditiis praesum voluum. Read more 25 Feb What we are capable to usually discovered. admin 2 Comments At vero eos et accusamus et iustoodio digni goikussimos ducimus qui blanp ditiis praesum [&hellip;]<\/p>\n","protected":false},"author":1,"featured_media":0,"parent":0,"menu_order":0,"comment_status":"closed","ping_status":"closed","template":"","meta":{"footnotes":""},"class_list":["post-187","page","type-page","status-publish","hentry"],"yoast_head":"<!-- This site is optimized with the Yoast SEO plugin v28.2 - https:\/\/yoast.com\/product\/yoast-seo-wordpress\/ -->\n<title>Blog Grid 2 Columns + Sidebar Right - EDIS-AFRIQUE<\/title>\n<meta name=\"robots\" content=\"index, follow, max-snippet:-1, max-image-preview:large, max-video-preview:-1\" \/>\n<link rel=\"canonical\" href=\"https:\/\/edis-afrique.org\/index.php\/blog-grid-2-columns-sidebar-right\/\" \/>\n<meta property=\"og:locale\" content=\"en_US\" \/>\n<meta property=\"og:type\" content=\"article\" \/>\n<meta property=\"og:title\" content=\"Blog Grid 2 Columns + Sidebar Right - EDIS-AFRIQUE\" \/>\n<meta property=\"og:description\" content=\"15 Mar Strategy for Norway&#8217;s Peion to Fund Global. admin 2 Comments At vero eos et accusamus et iustoodio digni goikussimos ducimus qui blanp ditiis praesum voluum. Read more 25 Feb What we are capable to usually discovered. admin 2 Comments At vero eos et accusamus et iustoodio digni goikussimos ducimus qui blanp ditiis praesum [&hellip;]\" \/>\n<meta property=\"og:url\" content=\"https:\/\/edis-afrique.org\/index.php\/blog-grid-2-columns-sidebar-right\/\" \/>\n<meta property=\"og:site_name\" content=\"EDIS-AFRIQUE\" \/>\n<meta property=\"og:image\" content=\"https:\/\/edis-afrique.org\/wp-content\/uploads\/2020\/03\/theme-10-600x600.jpg\" \/>\n<meta name=\"twitter:card\" content=\"summary_large_image\" \/>\n<meta name=\"twitter:label1\" content=\"Est. reading time\" \/>\n\t<meta name=\"twitter:data1\" content=\"1 minute\" \/>\n<script type=\"application\/ld+json\" class=\"yoast-schema-graph\">{\"@context\":\"https:\\\/\\\/schema.org\",\"@graph\":[{\"@type\":\"WebPage\",\"@id\":\"https:\\\/\\\/edis-afrique.org\\\/index.php\\\/blog-grid-2-columns-sidebar-right\\\/\",\"url\":\"https:\\\/\\\/edis-afrique.org\\\/index.php\\\/blog-grid-2-columns-sidebar-right\\\/\",\"name\":\"Blog Grid 2 Columns + Sidebar Right - EDIS-AFRIQUE\",\"isPartOf\":{\"@id\":\"https:\\\/\\\/edis-afrique.org\\\/#website\"},\"primaryImageOfPage\":{\"@id\":\"https:\\\/\\\/edis-afrique.org\\\/index.php\\\/blog-grid-2-columns-sidebar-right\\\/#primaryimage\"},\"image\":{\"@id\":\"https:\\\/\\\/edis-afrique.org\\\/index.php\\\/blog-grid-2-columns-sidebar-right\\\/#primaryimage\"},\"thumbnailUrl\":\"https:\\\/\\\/edis-afrique.org\\\/wp-content\\\/uploads\\\/2020\\\/03\\\/theme-10-600x600.jpg\",\"datePublished\":\"2020-03-04T11:16:29+00:00\",\"breadcrumb\":{\"@id\":\"https:\\\/\\\/edis-afrique.org\\\/index.php\\\/blog-grid-2-columns-sidebar-right\\\/#breadcrumb\"},\"inLanguage\":\"en-US\",\"potentialAction\":[{\"@type\":\"ReadAction\",\"target\":[\"https:\\\/\\\/edis-afrique.org\\\/index.php\\\/blog-grid-2-columns-sidebar-right\\\/\"]}]},{\"@type\":\"ImageObject\",\"inLanguage\":\"en-US\",\"@id\":\"https:\\\/\\\/edis-afrique.org\\\/index.php\\\/blog-grid-2-columns-sidebar-right\\\/#primaryimage\",\"url\":\"https:\\\/\\\/edis-afrique.org\\\/wp-content\\\/uploads\\\/2020\\\/03\\\/theme-10.jpg\",\"contentUrl\":\"https:\\\/\\\/edis-afrique.org\\\/wp-content\\\/uploads\\\/2020\\\/03\\\/theme-10.jpg\",\"width\":1920,\"height\":1200},{\"@type\":\"BreadcrumbList\",\"@id\":\"https:\\\/\\\/edis-afrique.org\\\/index.php\\\/blog-grid-2-columns-sidebar-right\\\/#breadcrumb\",\"itemListElement\":[{\"@type\":\"ListItem\",\"position\":1,\"name\":\"Home\",\"item\":\"https:\\\/\\\/edis-afrique.org\\\/\"},{\"@type\":\"ListItem\",\"position\":2,\"name\":\"Blog Grid 2 Columns + Sidebar Right\"}]},{\"@type\":\"WebSite\",\"@id\":\"https:\\\/\\\/edis-afrique.org\\\/#website\",\"url\":\"https:\\\/\\\/edis-afrique.org\\\/\",\"name\":\"EDIS-AFRIQUE\",\"description\":\"Transformer les d\u00e9chets en opportunit\u00e9s pour l&#039;Afrique.\",\"potentialAction\":[{\"@type\":\"SearchAction\",\"target\":{\"@type\":\"EntryPoint\",\"urlTemplate\":\"https:\\\/\\\/edis-afrique.org\\\/?s={search_term_string}\"},\"query-input\":{\"@type\":\"PropertyValueSpecification\",\"valueRequired\":true,\"valueName\":\"search_term_string\"}}],\"inLanguage\":\"en-US\"}]}<\/script>\n<!-- \/ Yoast SEO plugin. -->","yoast_head_json":{"title":"Blog Grid 2 Columns + Sidebar Right - EDIS-AFRIQUE","robots":{"index":"index","follow":"follow","max-snippet":"max-snippet:-1","max-image-preview":"max-image-preview:large","max-video-preview":"max-video-preview:-1"},"canonical":"https:\/\/edis-afrique.org\/index.php\/blog-grid-2-columns-sidebar-right\/","og_locale":"en_US","og_type":"article","og_title":"Blog Grid 2 Columns + Sidebar Right - EDIS-AFRIQUE","og_description":"15 Mar Strategy for Norway&#8217;s Peion to Fund Global. admin 2 Comments At vero eos et accusamus et iustoodio digni goikussimos ducimus qui blanp ditiis praesum voluum. Read more 25 Feb What we are capable to usually discovered. admin 2 Comments At vero eos et accusamus et iustoodio digni goikussimos ducimus qui blanp ditiis praesum [&hellip;]","og_url":"https:\/\/edis-afrique.org\/index.php\/blog-grid-2-columns-sidebar-right\/","og_site_name":"EDIS-AFRIQUE","og_image":[{"url":"https:\/\/edis-afrique.org\/wp-content\/uploads\/2020\/03\/theme-10-600x600.jpg","type":"","width":"","height":""}],"twitter_card":"summary_large_image","twitter_misc":{"Est. reading time":"1 minute"},"schema":{"@context":"https:\/\/schema.org","@graph":[{"@type":"WebPage","@id":"https:\/\/edis-afrique.org\/index.php\/blog-grid-2-columns-sidebar-right\/","url":"https:\/\/edis-afrique.org\/index.php\/blog-grid-2-columns-sidebar-right\/","name":"Blog Grid 2 Columns + Sidebar Right - EDIS-AFRIQUE","isPartOf":{"@id":"https:\/\/edis-afrique.org\/#website"},"primaryImageOfPage":{"@id":"https:\/\/edis-afrique.org\/index.php\/blog-grid-2-columns-sidebar-right\/#primaryimage"},"image":{"@id":"https:\/\/edis-afrique.org\/index.php\/blog-grid-2-columns-sidebar-right\/#primaryimage"},"thumbnailUrl":"https:\/\/edis-afrique.org\/wp-content\/uploads\/2020\/03\/theme-10-600x600.jpg","datePublished":"2020-03-04T11:16:29+00:00","breadcrumb":{"@id":"https:\/\/edis-afrique.org\/index.php\/blog-grid-2-columns-sidebar-right\/#breadcrumb"},"inLanguage":"en-US","potentialAction":[{"@type":"ReadAction","target":["https:\/\/edis-afrique.org\/index.php\/blog-grid-2-columns-sidebar-right\/"]}]},{"@type":"ImageObject","inLanguage":"en-US","@id":"https:\/\/edis-afrique.org\/index.php\/blog-grid-2-columns-sidebar-right\/#primaryimage","url":"https:\/\/edis-afrique.org\/wp-content\/uploads\/2020\/03\/theme-10.jpg","contentUrl":"https:\/\/edis-afrique.org\/wp-content\/uploads\/2020\/03\/theme-10.jpg","width":1920,"height":1200},{"@type":"BreadcrumbList","@id":"https:\/\/edis-afrique.org\/index.php\/blog-grid-2-columns-sidebar-right\/#breadcrumb","itemListElement":[{"@type":"ListItem","position":1,"name":"Home","item":"https:\/\/edis-afrique.org\/"},{"@type":"ListItem","position":2,"name":"Blog Grid 2 Columns + Sidebar Right"}]},{"@type":"WebSite","@id":"https:\/\/edis-afrique.org\/#website","url":"https:\/\/edis-afrique.org\/","name":"EDIS-AFRIQUE","description":"Transformer les d\u00e9chets en opportunit\u00e9s pour l&#039;Afrique.","potentialAction":[{"@type":"SearchAction","target":{"@type":"EntryPoint","urlTemplate":"https:\/\/edis-afrique.org\/?s={search_term_string}"},"query-input":{"@type":"PropertyValueSpecification","valueRequired":true,"valueName":"search_term_string"}}],"inLanguage":"en-US"}]}},"_links":{"self":[{"href":"https:\/\/edis-afrique.org\/index.php\/wp-json\/wp\/v2\/pages\/187","targetHints":{"allow":["GET"]}}],"collection":[{"href":"https:\/\/edis-afrique.org\/index.php\/wp-json\/wp\/v2\/pages"}],"about":[{"href":"https:\/\/edis-afrique.org\/index.php\/wp-json\/wp\/v2\/types\/page"}],"author":[{"embeddable":true,"href":"https:\/\/edis-afrique.org\/index.php\/wp-json\/wp\/v2\/users\/1"}],"replies":[{"embeddable":true,"href":"https:\/\/edis-afrique.org\/index.php\/wp-json\/wp\/v2\/comments?post=187"}],"version-history":[{"count":0,"href":"https:\/\/edis-afrique.org\/index.php\/wp-json\/wp\/v2\/pages\/187\/revisions"}],"wp:attachment":[{"href":"https:\/\/edis-afrique.org\/index.php\/wp-json\/wp\/v2\/media?parent=187"}],"curies":[{"name":"wp","href":"https:\/\/api.w.org\/{rel}","templated":true}]}}