{"id":35,"date":"2020-03-04T03:15:42","date_gmt":"2020-03-04T03:15:42","guid":{"rendered":"https:\/\/demo.casethemes.net\/alico\/?page_id=35"},"modified":"2026-08-11T19:51:15","modified_gmt":"2026-08-11T17:51:15","slug":"nos-activites","status":"publish","type":"page","link":"https:\/\/edis-afrique.org\/index.php\/nos-activites\/","title":{"rendered":"Nos Activit\u00e9s"},"content":{"rendered":"\t\t<div data-elementor-type=\"wp-page\" data-elementor-id=\"35\" class=\"elementor elementor-35\">\n\t\t\t\t        <section class=\"elementor-section elementor-top-section elementor-element elementor-element-6163074 elementor-section-boxed elementor-section-height-default elementor-section-height-default\" data-id=\"6163074\" data-element_type=\"section\" data-e-type=\"section\">\n            \n                        <div class=\"elementor-container elementor-column-gap-extended \">\n                    <div class=\"elementor-column elementor-col-100 elementor-top-column elementor-element elementor-element-220afd9\" data-id=\"220afd9\" data-element_type=\"column\" data-e-type=\"column\">\n        <div class=\"elementor-widget-wrap elementor-element-populated\">\n                    \n        \t\t<div class=\"elementor-element elementor-element-57894c5 elementor-widget elementor-widget-ct_blog_carousel\" data-id=\"57894c5\" data-element_type=\"widget\" data-e-type=\"widget\" data-widget_type=\"ct_blog_carousel.default\">\n\t\t\t\t<div class=\"elementor-widget-container\">\n\t\t\t\t\t\r\n<div id=\"ct_blog_carousel-57894c5\" class=\"ct-blog-carousel-layout1 ct-slick-slider\">\r\n    <div class=\"ct-carousel-inner\">\r\n        <div class=\"ct-slick-carousel\" data-arrows=\"true\" data-dots=\"false\" data-pauseOnHover=\"true\" data-autoplay=\"false\" data-autoplaySpeed=\"5000\" data-infinite=\"true\" data-speed=\"500\" data-dir=\"false\" data-colxs=\"1\" data-colsm=\"1\" data-colmd=\"2\" data-collg=\"2\" data-colxl=\"2\" data-slidesToScroll=\"1\">\r\n\r\n                    <div class=\"carousel-item slick-slide\">\r\n                <div class=\"grid-item-inner \">\r\n                    \r\n                                            <div class=\"item--featured\">\r\n                            <a href=\"https:\/\/edis-afrique.org\/index.php\/2026\/08\/01\/calcior-vs-incineration-vs-enfouissement-comparatif\/\"><img fetchpriority=\"high\" class=\"\"  width=\"674\" height=\"345\" alt=\"Cal_inci_enfoui_avant_plan_compress\" title=\"Cal_inci_enfoui_avant_plan_compress\" \/ loading=\"eager\" fetchpriority=\"high\" decoding=\"async\" src=\"https:\/\/edis-afrique.org\/wp-content\/uploads\/2020\/03\/Cal_inci_enfoui_avant_plan_compress-674x345.png\"><\/a>\r\n                        <\/div>\r\n                                        \r\n                    <div class=\"item--holder\">\r\n                                                    <ul class=\"entry-meta\">\r\n                                                                    <li class=\"item-date\"><i class=\"fac fac-calendar-alt\"><\/i>1 August 2026<\/li>\r\n                                                                                                    <li class=\"item-author\">\r\n                                        <a href=\"https:\/\/edis-afrique.org\/index.php\/author\/redaction\/\"><i class=\"fac fac-user\"><\/i>R\u00e9daction<\/a><\/li>\r\n                                                            <\/ul>\r\n                                                <h3 class=\"item--title\"><a href=\"https:\/\/edis-afrique.org\/index.php\/2026\/08\/01\/calcior-vs-incineration-vs-enfouissement-comparatif\/\">CALCIOR vs incin\u00e9ration vs enfouissement : comparatif.<\/a><\/h3>\r\n                                                    <div class=\"item--readmore\">\r\n                                <a href=\"https:\/\/edis-afrique.org\/index.php\/2026\/08\/01\/calcior-vs-incineration-vs-enfouissement-comparatif\/\">\r\n                                    <span>\r\n                                        Read more                                    <\/span>\r\n                                    <i class=\"far fac-angle-double-right\"><\/i>\r\n                                <\/a>\r\n                            <\/div>\r\n                                            <\/div>\r\n\r\n                <\/div>\r\n            <\/div>\r\n                    <div class=\"carousel-item slick-slide\">\r\n                <div class=\"grid-item-inner \">\r\n                    \r\n                                            <div class=\"item--featured\">\r\n                            <a href=\"https:\/\/edis-afrique.org\/index.php\/2024\/01\/27\/une-rencontre-strategique-au-service-de-lindustrialisation-durable-de-la-republique-democratique-du-congo\/\"><img loading=\"lazy\" class=\"\"  width=\"674\" height=\"345\" alt=\"SEM Mr. Julien Paluku\" title=\"SEM Mr. Julien Paluku\" \/ loading=\"lazy\" decoding=\"async\" src=\"https:\/\/edis-afrique.org\/wp-content\/uploads\/2026\/08\/SEM-Mr.-Julien-Paluku-674x345.png\"><\/a>\r\n                        <\/div>\r\n                                        \r\n                    <div class=\"item--holder\">\r\n                                                    <ul class=\"entry-meta\">\r\n                                                                    <li class=\"item-date\"><i class=\"fac fac-calendar-alt\"><\/i>27 January 2024<\/li>\r\n                                                                                                    <li class=\"item-author\">\r\n                                        <a href=\"https:\/\/edis-afrique.org\/index.php\/author\/redaction\/\"><i class=\"fac fac-user\"><\/i>R\u00e9daction<\/a><\/li>\r\n                                                            <\/ul>\r\n                                                <h3 class=\"item--title\"><a href=\"https:\/\/edis-afrique.org\/index.php\/2024\/01\/27\/une-rencontre-strategique-au-service-de-lindustrialisation-durable-de-la-republique-democratique-du-congo\/\">Une rencontre strat\u00e9gique au service de l&#8217;industrialisation durable de la R\u00e9publique D\u00e9mocratique du Congo<\/a><\/h3>\r\n                                                    <div class=\"item--readmore\">\r\n                                <a href=\"https:\/\/edis-afrique.org\/index.php\/2024\/01\/27\/une-rencontre-strategique-au-service-de-lindustrialisation-durable-de-la-republique-democratique-du-congo\/\">\r\n                                    <span>\r\n                                        Read more                                    <\/span>\r\n                                    <i class=\"far fac-angle-double-right\"><\/i>\r\n                                <\/a>\r\n                            <\/div>\r\n                                            <\/div>\r\n\r\n                <\/div>\r\n            <\/div>\r\n                    <div class=\"carousel-item slick-slide\">\r\n                <div class=\"grid-item-inner \">\r\n                    \r\n                                            <div class=\"item--featured\">\r\n                            <a href=\"https:\/\/edis-afrique.org\/index.php\/2023\/01\/04\/villes-africaines-les-defis-de-la-gestion-des-dechets-urbains\/\"><img loading=\"lazy\" class=\"\"  width=\"674\" height=\"345\" alt=\"ville_afrique_compress\" title=\"ville_afrique_compress\" \/ loading=\"lazy\" decoding=\"async\" src=\"https:\/\/edis-afrique.org\/wp-content\/uploads\/2020\/01\/ville_afrique_compress-674x345.png\"><\/a>\r\n                        <\/div>\r\n                                        \r\n                    <div class=\"item--holder\">\r\n                                                    <ul class=\"entry-meta\">\r\n                                                                    <li class=\"item-date\"><i class=\"fac fac-calendar-alt\"><\/i>4 January 2023<\/li>\r\n                                                                                                    <li class=\"item-author\">\r\n                                        <a href=\"https:\/\/edis-afrique.org\/index.php\/author\/redaction\/\"><i class=\"fac fac-user\"><\/i>R\u00e9daction<\/a><\/li>\r\n                                                            <\/ul>\r\n                                                <h3 class=\"item--title\"><a href=\"https:\/\/edis-afrique.org\/index.php\/2023\/01\/04\/villes-africaines-les-defis-de-la-gestion-des-dechets-urbains\/\">Villes africaines : les d\u00e9fis de la gestion des d\u00e9chets urbains<\/a><\/h3>\r\n                                                    <div class=\"item--readmore\">\r\n                                <a href=\"https:\/\/edis-afrique.org\/index.php\/2023\/01\/04\/villes-africaines-les-defis-de-la-gestion-des-dechets-urbains\/\">\r\n                                    <span>\r\n                                        Read more                                    <\/span>\r\n                                    <i class=\"far fac-angle-double-right\"><\/i>\r\n                                <\/a>\r\n                            <\/div>\r\n                                            <\/div>\r\n\r\n                <\/div>\r\n            <\/div>\r\n                    <div class=\"carousel-item slick-slide\">\r\n                <div class=\"grid-item-inner \">\r\n                    \r\n                                            <div class=\"item--featured\">\r\n                            <a href=\"https:\/\/edis-afrique.org\/index.php\/2020\/02\/25\/le-procede-calcior-explique-comment-ca-marche\/\"><img loading=\"lazy\" class=\"\"  width=\"674\" height=\"345\" alt=\"Pourquoi_Cal_Compress\" title=\"Pourquoi_Cal_Compress\" \/ loading=\"lazy\" decoding=\"async\" src=\"https:\/\/edis-afrique.org\/wp-content\/uploads\/2020\/02\/Pourquoi_Cal_Compress-674x345.png\"><\/a>\r\n                        <\/div>\r\n                                        \r\n                    <div class=\"item--holder\">\r\n                                                    <ul class=\"entry-meta\">\r\n                                                                    <li class=\"item-date\"><i class=\"fac fac-calendar-alt\"><\/i>25 February 2020<\/li>\r\n                                                                                                    <li class=\"item-author\">\r\n                                        <a href=\"https:\/\/edis-afrique.org\/index.php\/author\/redaction\/\"><i class=\"fac fac-user\"><\/i>R\u00e9daction<\/a><\/li>\r\n                                                            <\/ul>\r\n                                                <h3 class=\"item--title\"><a href=\"https:\/\/edis-afrique.org\/index.php\/2020\/02\/25\/le-procede-calcior-explique-comment-ca-marche\/\">Le proc\u00e9d\u00e9 CALCIOR expliqu\u00e9 : comment \u00e7a marche ?<\/a><\/h3>\r\n                                                    <div class=\"item--readmore\">\r\n                                <a href=\"https:\/\/edis-afrique.org\/index.php\/2020\/02\/25\/le-procede-calcior-explique-comment-ca-marche\/\">\r\n                                    <span>\r\n                                        Read more                                    <\/span>\r\n                                    <i class=\"far fac-angle-double-right\"><\/i>\r\n                                <\/a>\r\n                            <\/div>\r\n                                            <\/div>\r\n\r\n                <\/div>\r\n            <\/div>\r\n                <\/div>\r\n    <\/div>\r\n<\/div>\r\n\t\t\t\t<\/div>\n\t\t\t\t<\/div>\n\t\t\t\t<div class=\"elementor-element elementor-element-389d8709 elementor-widget elementor-widget-ct_client_carousel\" data-id=\"389d8709\" data-element_type=\"widget\" data-e-type=\"widget\" data-widget_type=\"ct_client_carousel.default\">\n\t\t\t\t<div class=\"elementor-widget-container\">\n\t\t\t\t\t    <div class=\"ct-client1 ct-slick-slider style1\">\r\n        <div class=\"ct-clients-list-inner\">\r\n            <div class=\"ct-slick-carousel\" data-arrows=\"\" data-dots=\"\" data-pauseOnHover=\"\" data-autoplay=\"true\" data-autoplaySpeed=\"5000\" data-infinite=\"true\" data-speed=\"500\" data-colxs=\"2\" data-colsm=\"3\" data-colmd=\"3\" data-collg=\"4\" data-colxl=\"4\" data-dir=\"false\" data-slidesToScroll=\"1\">\r\n                                        <div class=\"slick-slide\">\r\n                            <div class=\"client-image \">\r\n                                <a href=\"#\"><img loading=\"lazy\" width=\"134\" height=\"44\"  class=\"attachment-full\" alt=\"\" \/ loading=\"lazy\" decoding=\"async\" src=\"https:\/\/edis-afrique.org\/wp-content\/uploads\/2026\/08\/Client_1_Chine-copie.png\"><\/a>\r\n                            <\/div>\r\n                        <\/div>\r\n                                                            <div class=\"slick-slide\">\r\n                            <div class=\"client-image \">\r\n                                <a href=\"#\"><img loading=\"lazy\" width=\"134\" height=\"44\"  class=\"attachment-full\" alt=\"\" \/ loading=\"lazy\" decoding=\"async\" src=\"https:\/\/edis-afrique.org\/wp-content\/uploads\/2026\/08\/Client_2_Bresil-copie.png\"><\/a>\r\n                            <\/div>\r\n                        <\/div>\r\n                                                            <div class=\"slick-slide\">\r\n                            <div class=\"client-image \">\r\n                                <a href=\"#\"><img loading=\"lazy\" width=\"134\" height=\"44\"  class=\"attachment-full\" alt=\"\" \/ loading=\"lazy\" decoding=\"async\" src=\"https:\/\/edis-afrique.org\/wp-content\/uploads\/2026\/08\/Client_3_Liban-copie.png\"><\/a>\r\n                            <\/div>\r\n                        <\/div>\r\n                                                            <div class=\"slick-slide\">\r\n                            <div class=\"client-image \">\r\n                                <a href=\"#\"><img loading=\"lazy\" width=\"134\" height=\"44\"  class=\"attachment-full\" alt=\"\" \/ loading=\"lazy\" decoding=\"async\" src=\"https:\/\/edis-afrique.org\/wp-content\/uploads\/2026\/08\/Client_4_ile-Maurice-copie.png\"><\/a>\r\n                            <\/div>\r\n                        <\/div>\r\n                                                            <div class=\"slick-slide\">\r\n                            <div class=\"client-image \">\r\n                                <a href=\"#\"><img loading=\"lazy\" width=\"134\" height=\"44\"  class=\"attachment-full\" alt=\"\" \/ loading=\"lazy\" decoding=\"async\" src=\"https:\/\/edis-afrique.org\/wp-content\/uploads\/2026\/08\/Client_6_Averda-copie.png\"><\/a>\r\n                            <\/div>\r\n                        <\/div>\r\n                                                            <div class=\"slick-slide\">\r\n                            <div class=\"client-image \">\r\n                                <a href=\"#\"><img loading=\"lazy\" width=\"134\" height=\"44\"  class=\"attachment-full\" alt=\"\" \/ loading=\"lazy\" decoding=\"async\" src=\"https:\/\/edis-afrique.org\/wp-content\/uploads\/2026\/08\/Client_9_France-copie.png\"><\/a>\r\n                            <\/div>\r\n                        <\/div>\r\n                                                <\/div>\r\n        <\/div>\r\n    <\/div>\r\n\t\t\t\t<\/div>\n\t\t\t\t<\/div>\n\t\t            <\/div>\n        <\/div>\n                    <\/div>\n        <\/section>\n        \t\t<\/div>\n\t\t","protected":false},"excerpt":{"rendered":"<p>1 ao\u00fbt 2026 R\u00e9daction CALCIOR vs incin\u00e9ration vs enfouissement : comparatif. Read more 27 janvier 2024 R\u00e9daction Une rencontre strat\u00e9gique au service de l&#8217;industrialisation durable de la R\u00e9publique D\u00e9mocratique du Congo Read more 25 f\u00e9vrier 2020 R\u00e9daction Le proc\u00e9d\u00e9 CALCIOR expliqu\u00e9 : comment \u00e7a marche ? Read more 15 janvier 2020 R\u00e9daction De la poubelle [&hellip;]<\/p>\n","protected":false},"author":1,"featured_media":0,"parent":0,"menu_order":0,"comment_status":"closed","ping_status":"closed","template":"","meta":{"footnotes":""},"class_list":["post-35","page","type-page","status-publish","hentry"],"yoast_head":"<!-- This site is optimized with the Yoast SEO plugin v28.2 - https:\/\/yoast.com\/product\/yoast-seo-wordpress\/ -->\n<title>Nos Activit\u00e9s - EDIS-AFRIQUE<\/title>\n<meta name=\"robots\" content=\"index, follow, max-snippet:-1, max-image-preview:large, max-video-preview:-1\" \/>\n<link rel=\"canonical\" href=\"https:\/\/edis-afrique.org\/index.php\/nos-activites\/\" \/>\n<meta property=\"og:locale\" content=\"en_US\" \/>\n<meta property=\"og:type\" content=\"article\" \/>\n<meta property=\"og:title\" content=\"Nos Activit\u00e9s - EDIS-AFRIQUE\" \/>\n<meta property=\"og:description\" content=\"1 ao\u00fbt 2026 R\u00e9daction CALCIOR vs incin\u00e9ration vs enfouissement : comparatif. Read more 27 janvier 2024 R\u00e9daction Une rencontre strat\u00e9gique au service de l&#8217;industrialisation durable de la R\u00e9publique D\u00e9mocratique du Congo Read more 25 f\u00e9vrier 2020 R\u00e9daction Le proc\u00e9d\u00e9 CALCIOR expliqu\u00e9 : comment \u00e7a marche ? Read more 15 janvier 2020 R\u00e9daction De la poubelle [&hellip;]\" \/>\n<meta property=\"og:url\" content=\"https:\/\/edis-afrique.org\/index.php\/nos-activites\/\" \/>\n<meta property=\"og:site_name\" content=\"EDIS-AFRIQUE\" \/>\n<meta property=\"article:modified_time\" content=\"2026-08-11T17:51:15+00:00\" \/>\n<meta property=\"og:image\" content=\"https:\/\/edis-afrique.org\/wp-content\/uploads\/2020\/03\/Cal_inci_enfoui_avant_plan_compress-674x345.png\" \/>\n<meta name=\"twitter:card\" content=\"summary_large_image\" \/>\n<meta name=\"twitter:label1\" content=\"Est. reading time\" \/>\n\t<meta name=\"twitter:data1\" content=\"6 minutes\" \/>\n<script type=\"application\/ld+json\" class=\"yoast-schema-graph\">{\"@context\":\"https:\\\/\\\/schema.org\",\"@graph\":[{\"@type\":\"WebPage\",\"@id\":\"https:\\\/\\\/edis-afrique.org\\\/index.php\\\/nos-activites\\\/\",\"url\":\"https:\\\/\\\/edis-afrique.org\\\/index.php\\\/nos-activites\\\/\",\"name\":\"Nos Activit\u00e9s - EDIS-AFRIQUE\",\"isPartOf\":{\"@id\":\"https:\\\/\\\/edis-afrique.org\\\/#website\"},\"primaryImageOfPage\":{\"@id\":\"https:\\\/\\\/edis-afrique.org\\\/index.php\\\/nos-activites\\\/#primaryimage\"},\"image\":{\"@id\":\"https:\\\/\\\/edis-afrique.org\\\/index.php\\\/nos-activites\\\/#primaryimage\"},\"thumbnailUrl\":\"https:\\\/\\\/edis-afrique.org\\\/wp-content\\\/uploads\\\/2020\\\/03\\\/Cal_inci_enfoui_avant_plan_compress-674x345.png\",\"datePublished\":\"2020-03-04T03:15:42+00:00\",\"dateModified\":\"2026-08-11T17:51:15+00:00\",\"breadcrumb\":{\"@id\":\"https:\\\/\\\/edis-afrique.org\\\/index.php\\\/nos-activites\\\/#breadcrumb\"},\"inLanguage\":\"en-US\",\"potentialAction\":[{\"@type\":\"ReadAction\",\"target\":[\"https:\\\/\\\/edis-afrique.org\\\/index.php\\\/nos-activites\\\/\"]}]},{\"@type\":\"ImageObject\",\"inLanguage\":\"en-US\",\"@id\":\"https:\\\/\\\/edis-afrique.org\\\/index.php\\\/nos-activites\\\/#primaryimage\",\"url\":\"https:\\\/\\\/edis-afrique.org\\\/wp-content\\\/uploads\\\/2020\\\/03\\\/Cal_inci_enfoui_avant_plan_compress.png\",\"contentUrl\":\"https:\\\/\\\/edis-afrique.org\\\/wp-content\\\/uploads\\\/2020\\\/03\\\/Cal_inci_enfoui_avant_plan_compress.png\",\"width\":1672,\"height\":941},{\"@type\":\"BreadcrumbList\",\"@id\":\"https:\\\/\\\/edis-afrique.org\\\/index.php\\\/nos-activites\\\/#breadcrumb\",\"itemListElement\":[{\"@type\":\"ListItem\",\"position\":1,\"name\":\"Home\",\"item\":\"https:\\\/\\\/edis-afrique.org\\\/\"},{\"@type\":\"ListItem\",\"position\":2,\"name\":\"Nos Activit\u00e9s\"}]},{\"@type\":\"WebSite\",\"@id\":\"https:\\\/\\\/edis-afrique.org\\\/#website\",\"url\":\"https:\\\/\\\/edis-afrique.org\\\/\",\"name\":\"EDIS-AFRIQUE\",\"description\":\"Transformer les d\u00e9chets en opportunit\u00e9s pour l&#039;Afrique.\",\"potentialAction\":[{\"@type\":\"SearchAction\",\"target\":{\"@type\":\"EntryPoint\",\"urlTemplate\":\"https:\\\/\\\/edis-afrique.org\\\/?s={search_term_string}\"},\"query-input\":{\"@type\":\"PropertyValueSpecification\",\"valueRequired\":true,\"valueName\":\"search_term_string\"}}],\"inLanguage\":\"en-US\"}]}<\/script>\n<!-- \/ Yoast SEO plugin. -->","yoast_head_json":{"title":"Nos Activit\u00e9s - EDIS-AFRIQUE","robots":{"index":"index","follow":"follow","max-snippet":"max-snippet:-1","max-image-preview":"max-image-preview:large","max-video-preview":"max-video-preview:-1"},"canonical":"https:\/\/edis-afrique.org\/index.php\/nos-activites\/","og_locale":"en_US","og_type":"article","og_title":"Nos Activit\u00e9s - EDIS-AFRIQUE","og_description":"1 ao\u00fbt 2026 R\u00e9daction CALCIOR vs incin\u00e9ration vs enfouissement : comparatif. Read more 27 janvier 2024 R\u00e9daction Une rencontre strat\u00e9gique au service de l&#8217;industrialisation durable de la R\u00e9publique D\u00e9mocratique du Congo Read more 25 f\u00e9vrier 2020 R\u00e9daction Le proc\u00e9d\u00e9 CALCIOR expliqu\u00e9 : comment \u00e7a marche ? Read more 15 janvier 2020 R\u00e9daction De la poubelle [&hellip;]","og_url":"https:\/\/edis-afrique.org\/index.php\/nos-activites\/","og_site_name":"EDIS-AFRIQUE","article_modified_time":"2026-08-11T17:51:15+00:00","og_image":[{"url":"https:\/\/edis-afrique.org\/wp-content\/uploads\/2020\/03\/Cal_inci_enfoui_avant_plan_compress-674x345.png","type":"","width":"","height":""}],"twitter_card":"summary_large_image","twitter_misc":{"Est. reading time":"6 minutes"},"schema":{"@context":"https:\/\/schema.org","@graph":[{"@type":"WebPage","@id":"https:\/\/edis-afrique.org\/index.php\/nos-activites\/","url":"https:\/\/edis-afrique.org\/index.php\/nos-activites\/","name":"Nos Activit\u00e9s - EDIS-AFRIQUE","isPartOf":{"@id":"https:\/\/edis-afrique.org\/#website"},"primaryImageOfPage":{"@id":"https:\/\/edis-afrique.org\/index.php\/nos-activites\/#primaryimage"},"image":{"@id":"https:\/\/edis-afrique.org\/index.php\/nos-activites\/#primaryimage"},"thumbnailUrl":"https:\/\/edis-afrique.org\/wp-content\/uploads\/2020\/03\/Cal_inci_enfoui_avant_plan_compress-674x345.png","datePublished":"2020-03-04T03:15:42+00:00","dateModified":"2026-08-11T17:51:15+00:00","breadcrumb":{"@id":"https:\/\/edis-afrique.org\/index.php\/nos-activites\/#breadcrumb"},"inLanguage":"en-US","potentialAction":[{"@type":"ReadAction","target":["https:\/\/edis-afrique.org\/index.php\/nos-activites\/"]}]},{"@type":"ImageObject","inLanguage":"en-US","@id":"https:\/\/edis-afrique.org\/index.php\/nos-activites\/#primaryimage","url":"https:\/\/edis-afrique.org\/wp-content\/uploads\/2020\/03\/Cal_inci_enfoui_avant_plan_compress.png","contentUrl":"https:\/\/edis-afrique.org\/wp-content\/uploads\/2020\/03\/Cal_inci_enfoui_avant_plan_compress.png","width":1672,"height":941},{"@type":"BreadcrumbList","@id":"https:\/\/edis-afrique.org\/index.php\/nos-activites\/#breadcrumb","itemListElement":[{"@type":"ListItem","position":1,"name":"Home","item":"https:\/\/edis-afrique.org\/"},{"@type":"ListItem","position":2,"name":"Nos Activit\u00e9s"}]},{"@type":"WebSite","@id":"https:\/\/edis-afrique.org\/#website","url":"https:\/\/edis-afrique.org\/","name":"EDIS-AFRIQUE","description":"Transformer les d\u00e9chets en opportunit\u00e9s pour l&#039;Afrique.","potentialAction":[{"@type":"SearchAction","target":{"@type":"EntryPoint","urlTemplate":"https:\/\/edis-afrique.org\/?s={search_term_string}"},"query-input":{"@type":"PropertyValueSpecification","valueRequired":true,"valueName":"search_term_string"}}],"inLanguage":"en-US"}]}},"_links":{"self":[{"href":"https:\/\/edis-afrique.org\/index.php\/wp-json\/wp\/v2\/pages\/35","targetHints":{"allow":["GET"]}}],"collection":[{"href":"https:\/\/edis-afrique.org\/index.php\/wp-json\/wp\/v2\/pages"}],"about":[{"href":"https:\/\/edis-afrique.org\/index.php\/wp-json\/wp\/v2\/types\/page"}],"author":[{"embeddable":true,"href":"https:\/\/edis-afrique.org\/index.php\/wp-json\/wp\/v2\/users\/1"}],"replies":[{"embeddable":true,"href":"https:\/\/edis-afrique.org\/index.php\/wp-json\/wp\/v2\/comments?post=35"}],"version-history":[{"count":4,"href":"https:\/\/edis-afrique.org\/index.php\/wp-json\/wp\/v2\/pages\/35\/revisions"}],"predecessor-version":[{"id":4680,"href":"https:\/\/edis-afrique.org\/index.php\/wp-json\/wp\/v2\/pages\/35\/revisions\/4680"}],"wp:attachment":[{"href":"https:\/\/edis-afrique.org\/index.php\/wp-json\/wp\/v2\/media?parent=35"}],"curies":[{"name":"wp","href":"https:\/\/api.w.org\/{rel}","templated":true}]}}